{"id":326,"date":"2020-10-19T14:39:41","date_gmt":"2020-10-19T12:39:41","guid":{"rendered":"https:\/\/www.vivantavocats.com\/?page_id=326"},"modified":"2022-11-08T10:36:03","modified_gmt":"2022-11-08T09:36:03","slug":"contributions","status":"publish","type":"page","link":"https:\/\/www.vivantavocats.com\/en\/contributions\/","title":{"rendered":"Contributions"},"content":{"rendered":"<p><\/p>\n<p>[vc_row][vc_column]\n\t    <div class=\"contribution-items-container\">\n\t\t\n\t\t\t\n\t\t\n\t\t\t\n\t\t\n\t\t\t\n\t\t\n\t\t\t\n\t\t\n\t\t\t\n\t\t\n\t\t\t\n\t\t\n\t\t\t\n\t\t\n\t\t\t\n\t\t\n\t\t\t\n\t\t\n\t\t\t\n\t\t\n\t\t\t\n\t\t\n\t\t\t\n\t\t\n\t\t\t\n\t\t\n\t\t\t\n\t\t\n\t\t\t\n\t\t\n\t\t\t\n\t\t\n\t\t\t\n\t\t\n\t\t\t\n\t\t\n\t\t\t\n\t\t\n        <div class=\"contribution-items\">\n\t\t\t                <div class=\"contribution-item\" contribution-id=\"609\">\n                    <div class=\"contribution-item-content\">\n                        <div class=\"contribution-item-image-container\">\n                            <div class=\"contribution-item-image\"  style=\"background-image: url('https:\/\/www.vivantavocats.com\/wp-content\/uploads\/2020\/10\/social-decl-bg-1024x640.png')\"><\/div>\n                        <\/div>\n                        <div class=\"contribution-details\">\n                            <div class=\"contribution-date\">(Fran\u00e7ais) 16 juin 2025<\/div>\n\n                            <h3>\n\t\t\t\t\t\t\t\t(Fran\u00e7ais) Chronique                            <\/h3>\n                            <div class=\"contribution-text\">(Fran\u00e7ais) LEX DAILY NEWS - \"Rapport d'enqu\u00eate interne harc\u00e8lement : quel contenu? quelle diffusion?\" par Corinne Baron-Charbonnier<\/div>\n                            <a href=\"(Fran\u00e7ais) https:\/\/lexdailynews.fr\/rapport-denquete-interne-harcelement-quel-contenu-quelle-diffusion\/\" class=\"contribution-link\" target=\"_blank\">\n\t                                                                See more\n\t                                                        <\/a>\n                        <\/div>\n                    <\/div>\n                <\/div>\n\t\t\t                <div class=\"contribution-item\" contribution-id=\"588\">\n                    <div class=\"contribution-item-content\">\n                        <div class=\"contribution-item-image-container\">\n                            <div class=\"contribution-item-image\"  style=\"background-image: url('https:\/\/www.vivantavocats.com\/wp-content\/uploads\/2020\/10\/social-decl-bg-1024x640.png')\"><\/div>\n                        <\/div>\n                        <div class=\"contribution-details\">\n                            <div class=\"contribution-date\">12 mars 2025<\/div>\n\n                            <h3>\n\t\t\t\t\t\t\t\t(Fran\u00e7ais) Vid\u00e9o                            <\/h3>\n                            <div class=\"contribution-text\">Interview LEX INSIDE - \"Focus sur le dispositif APLD-R\" - Corinne Baron-Charbonnier<\/div>\n                            <a href=\"https:\/\/www.bsmart.fr\/video\/27672-lex-inside-12-mars-2025\" class=\"contribution-link\" target=\"_blank\">\n\t                                                                See more\n\t                                                        <\/a>\n                        <\/div>\n                    <\/div>\n                <\/div>\n\t\t\t                <div class=\"contribution-item\" contribution-id=\"566\">\n                    <div class=\"contribution-item-content\">\n                        <div class=\"contribution-item-image-container\">\n                            <div class=\"contribution-item-image\"  style=\"background-image: url('https:\/\/www.vivantavocats.com\/wp-content\/uploads\/2020\/10\/social-decl-bg-1024x640.png')\"><\/div>\n                        <\/div>\n                        <div class=\"contribution-details\">\n                            <div class=\"contribution-date\">November 7, 2023<\/div>\n\n                            <h3>\n\t\t\t\t\t\t\t\tInterview D\u00e9cideurs Magazine                            <\/h3>\n                            <div class=\"contribution-text\">\"Sustainability reporting, a new approach to social dialogue\" - Antoine Vivant et Pauline Curnier Cribeillet<\/div>\n                            <a href=\"http:\/\/www.vivantavocats.com\/wp-content\/uploads\/2023\/11\/Le-reporting-de-durabilite-nouvel-angle-de-dialogue-social-Antoine-Vivant-et-Pauline-Curnier-Cribeillet-Decideurs-Magazine.pdf\" class=\"contribution-link\" target=\"_blank\">\n\t                                                                See more\n\t                                                        <\/a>\n                        <\/div>\n                    <\/div>\n                <\/div>\n\t\t\t                <div class=\"contribution-item\" contribution-id=\"561\">\n                    <div class=\"contribution-item-content\">\n                        <div class=\"contribution-item-image-container\">\n                            <div class=\"contribution-item-image\"  style=\"background-image: url('https:\/\/www.vivantavocats.com\/wp-content\/uploads\/2020\/10\/social-decl-bg-1024x640.png')\"><\/div>\n                        <\/div>\n                        <div class=\"contribution-details\">\n                            <div class=\"contribution-date\">June 15, 2023<\/div>\n\n                            <h3>\n\t\t\t\t\t\t\t\tVideo                            <\/h3>\n                            <div class=\"contribution-text\">Interview Smart Job - \"Social dialogue, value sharing, pension reform : what does this mean in legal terms ?\" - Antoine Vivant<\/div>\n                            <a href=\"https:\/\/www.bsmart.fr\/video\/20602-smart-job-partie-15-juin-2023\" class=\"contribution-link\" target=\"_blank\">\n\t                                                                See more\n\t                                                        <\/a>\n                        <\/div>\n                    <\/div>\n                <\/div>\n\t\t\t                <div class=\"contribution-item\" contribution-id=\"552\">\n                    <div class=\"contribution-item-content\">\n                        <div class=\"contribution-item-image-container\">\n                            <div class=\"contribution-item-image\"  style=\"background-image: url('https:\/\/www.vivantavocats.com\/wp-content\/uploads\/2020\/10\/social-decl-bg-1024x640.png')\"><\/div>\n                        <\/div>\n                        <div class=\"contribution-details\">\n                            <div class=\"contribution-date\">May 5, 2023<\/div>\n\n                            <h3>\n\t\t\t\t\t\t\t\tContribution Liaisons sociales Quotidien Lamy                            <\/h3>\n                            <div class=\"contribution-text\">\"The collective contractual termination : how has it fared since its creation in 2017 ?\" - Bertrand Castex<\/div>\n                            <a href=\"http:\/\/www.vivantavocats.com\/wp-content\/uploads\/2023\/09\/Rupture-conventionnelle-collective-RCC-quel-bilan-depuis-sa-creation-en-2017.pdf\" class=\"contribution-link\" target=\"_blank\">\n\t                                                                See more\n\t                                                        <\/a>\n                        <\/div>\n                    <\/div>\n                <\/div>\n\t\t\t                <div class=\"contribution-item\" contribution-id=\"544\">\n                    <div class=\"contribution-item-content\">\n                        <div class=\"contribution-item-image-container\">\n                            <div class=\"contribution-item-image\"  style=\"background-image: url('https:\/\/www.vivantavocats.com\/wp-content\/uploads\/2020\/10\/social-decl-bg-1024x640.png')\"><\/div>\n                        <\/div>\n                        <div class=\"contribution-details\">\n                            <div class=\"contribution-date\">November 29, 2022<\/div>\n\n                            <h3>\n\t\t\t\t\t\t\t\tStrategic Committee Lawyers &#8211; Lefebvre Dalloz                            <\/h3>\n                            <div class=\"contribution-text\">Labour's lawyer challenged by 'soft law' inflation - Caroline Merle et Pauline Curnier Cribeillet<\/div>\n                            <a href=\"http:\/\/www.vivantavocats.com\/wp-content\/uploads\/2023\/11\/Lavocat-travailliste-a-lepreuve-de-linflation-du-droit-souple-Comite-Strategique-Avocats-Lefebvre-Dalloz.pdf\" class=\"contribution-link\" target=\"_blank\">\n\t                                                                See more\n\t                                                        <\/a>\n                        <\/div>\n                    <\/div>\n                <\/div>\n\t\t\t                <div class=\"contribution-item\" contribution-id=\"522\">\n                    <div class=\"contribution-item-content\">\n                        <div class=\"contribution-item-image-container\">\n                            <div class=\"contribution-item-image\"  style=\"background-image: url('https:\/\/www.vivantavocats.com\/wp-content\/uploads\/2020\/10\/social-decl-bg-1024x640.png')\"><\/div>\n                        <\/div>\n                        <div class=\"contribution-details\">\n                            <div class=\"contribution-date\">October 31, 2022<\/div>\n\n                            <h3>\n\t\t\t\t\t\t\t\tInterview D\u00e9cideurs Magazine                            <\/h3>\n                            <div class=\"contribution-text\">\"Inflation at the rendezvous of the mandatory annual negotiations\" - Antoine Vivant<\/div>\n                            <a href=\"http:\/\/www.vivantavocats.com\/wp-content\/uploads\/2022\/10\/Linflation-au-rendez-vous-des-NAO-Decideurs-Paroles-Experts.pdf\" class=\"contribution-link\" target=\"_blank\">\n\t                                                                See more\n\t                                                        <\/a>\n                        <\/div>\n                    <\/div>\n                <\/div>\n\t\t\t                <div class=\"contribution-item\" contribution-id=\"517\">\n                    <div class=\"contribution-item-content\">\n                        <div class=\"contribution-item-image-container\">\n                            <div class=\"contribution-item-image\"  style=\"background-image: url('https:\/\/www.vivantavocats.com\/wp-content\/uploads\/2020\/10\/social-decl-bg-1024x640.png')\"><\/div>\n                        <\/div>\n                        <div class=\"contribution-details\">\n                            <div class=\"contribution-date\">October 7, 2022<\/div>\n\n                            <h3>\n\t\t\t\t\t\t\t\tContribution Jurisprudence Sociale Lamy                            <\/h3>\n                            <div class=\"contribution-text\">\"Practical updates on the internal harassment investigation\" - Caroline Merle et Pauline Curnier-Cribeillet<\/div>\n                            <a href=\"http:\/\/www.vivantavocats.com\/wp-content\/uploads\/2022\/10\/Actualite-pratique-de-lenquete-interne-en-matiere-de-harcelement-JSL.pdf\" class=\"contribution-link\" target=\"_blank\">\n\t                                                                See more\n\t                                                        <\/a>\n                        <\/div>\n                    <\/div>\n                <\/div>\n\t\t\t                <div class=\"contribution-item\" contribution-id=\"502\">\n                    <div class=\"contribution-item-content\">\n                        <div class=\"contribution-item-image-container\">\n                            <div class=\"contribution-item-image\"  style=\"background-image: url('https:\/\/www.vivantavocats.com\/wp-content\/uploads\/2020\/10\/social-decl-bg-1024x640.png')\"><\/div>\n                        <\/div>\n                        <div class=\"contribution-details\">\n                            <div class=\"contribution-date\">May 17, 2022<\/div>\n\n                            <h3>\n\t\t\t\t\t\t\t\tTribune Jurisprudence Sociale Lamy                            <\/h3>\n                            <div class=\"contribution-text\">\"Company screening test : the right balance between security and protection of liberties\"- Bertrand Castex et Louis Robineau<\/div>\n                            <a href=\"http:\/\/www.vivantavocats.com\/wp-content\/uploads\/2022\/05\/Le-depistage-en-entreprise-du-juste-equilibre-entre-securite-et-protection-des-libertes.pdf\" class=\"contribution-link\" target=\"_blank\">\n\t                                                                See more\n\t                                                        <\/a>\n                        <\/div>\n                    <\/div>\n                <\/div>\n\t\t\t                <div class=\"contribution-item\" contribution-id=\"485\">\n                    <div class=\"contribution-item-content\">\n                        <div class=\"contribution-item-image-container\">\n                            <div class=\"contribution-item-image\"  style=\"background-image: url('https:\/\/www.vivantavocats.com\/wp-content\/uploads\/2020\/10\/social-decl-bg-1024x640.png')\"><\/div>\n                        <\/div>\n                        <div class=\"contribution-details\">\n                            <div class=\"contribution-date\">November 18, 2021<\/div>\n\n                            <h3>\n\t\t\t\t\t\t\t\tContribution Jurisprudence Sociale Lamy                            <\/h3>\n                            <div class=\"contribution-text\">\"Combining a corporate mandate with an employment contract: how to remain vigilant?\" - Caroline Merle and Louis Robineau<\/div>\n                            <a href=\"http:\/\/www.vivantavocats.com\/wp-content\/uploads\/2021\/11\/Cumul-dun-mandat-social-avec-un-contrat-de-travail-comment-rester-vigilant.pdf\" class=\"contribution-link\" target=\"_blank\">\n\t                                                                See more\n\t                                                        <\/a>\n                        <\/div>\n                    <\/div>\n                <\/div>\n\t\t\t                <div class=\"contribution-item\" contribution-id=\"471\">\n                    <div class=\"contribution-item-content\">\n                        <div class=\"contribution-item-image-container\">\n                            <div class=\"contribution-item-image\"  style=\"background-image: url('https:\/\/www.vivantavocats.com\/wp-content\/uploads\/2020\/10\/social-decl-bg-1024x640.png')\"><\/div>\n                        <\/div>\n                        <div class=\"contribution-details\">\n                            <div class=\"contribution-date\">February 19, 2021<\/div>\n\n                            <h3>\n\t\t\t\t\t\t\t\tContribution Jurisprudence Sociale Lamy                            <\/h3>\n                            <div class=\"contribution-text\">\"Variable remuneration: the late target setting exposes the employer to heavy consequences\" - Louis Robineau<\/div>\n                            <a href=\"https:\/\/www.vivantavocats.com\/wp-content\/uploads\/2021\/02\/Fixation-tardive-des-objectifs-2.pdf\" class=\"contribution-link\" target=\"_blank\">\n\t                                                                See more\n\t                                                        <\/a>\n                        <\/div>\n                    <\/div>\n                <\/div>\n\t\t\t                <div class=\"contribution-item\" contribution-id=\"442\">\n                    <div class=\"contribution-item-content\">\n                        <div class=\"contribution-item-image-container\">\n                            <div class=\"contribution-item-image\"  style=\"background-image: url('https:\/\/www.vivantavocats.com\/wp-content\/uploads\/2020\/10\/social-decl-bg-1024x640.png')\"><\/div>\n                        <\/div>\n                        <div class=\"contribution-details\">\n                            <div class=\"contribution-date\">January 22, 2021<\/div>\n\n                            <h3>\n\t\t\t\t\t\t\t\tTribune Jurisprudence Sociale Lamy                            <\/h3>\n                            <div class=\"contribution-text\">\"Professional elections: the French Supreme Court breaks the parity straitjacket for free lists\" - Pauline Curnier Cribeillet<\/div>\n                            <a href=\"https:\/\/www.vivantavocats.com\/wp-content\/uploads\/2021\/01\/Elections-professionnelles-la-Cour-de-cassation-fait-sauter-le-carcan-de-la-parit\u00e9-pour-les-listes-libres-2.pdf\" class=\"contribution-link\" target=\"_blank\">\n\t                                                                See more\n\t                                                        <\/a>\n                        <\/div>\n                    <\/div>\n                <\/div>\n\t\t\t                <div class=\"contribution-item\" contribution-id=\"336\">\n                    <div class=\"contribution-item-content\">\n                        <div class=\"contribution-item-image-container\">\n                            <div class=\"contribution-item-image\"  style=\"background-image: url('https:\/\/www.vivantavocats.com\/wp-content\/uploads\/2020\/10\/social-decl-bg-1024x640.png')\"><\/div>\n                        <\/div>\n                        <div class=\"contribution-details\">\n                            <div class=\"contribution-date\">October 10, 2020<\/div>\n\n                            <h3>\n\t\t\t\t\t\t\t\tInterview D\u00e9cideurs Magazine                            <\/h3>\n                            <div class=\"contribution-text\">Interview d\u00e9cideurs Magazine \"With the epidemic of Covid-19, the social partners see their link with the fieldwork loosening up\" - Antoine Vivant<\/div>\n                            <a href=\"https:\/\/www.magazine-decideurs.com\/news\/a-vivant-vivant-avocats-avec-l-epidemie-de-covid-19-les-partenaires-sociaux-voient-leur-lien-avec-le-terrain-se-distendre\" class=\"contribution-link\" target=\"_blank\">\n\t                                                                See more\n\t                                                        <\/a>\n                        <\/div>\n                    <\/div>\n                <\/div>\n\t\t\t                <div class=\"contribution-item\" contribution-id=\"343\">\n                    <div class=\"contribution-item-content\">\n                        <div class=\"contribution-item-image-container\">\n                            <div class=\"contribution-item-image\"  style=\"background-image: url('https:\/\/www.vivantavocats.com\/wp-content\/uploads\/2020\/10\/social-decl-bg-1024x640.png')\"><\/div>\n                        <\/div>\n                        <div class=\"contribution-details\">\n                            <div class=\"contribution-date\">September 14, 2020<\/div>\n\n                            <h3>\n\t\t\t\t\t\t\t\tBack to work 2020                            <\/h3>\n                            <div class=\"contribution-text\">80% of business leaders are considering transformations within their organizations and 90% are in need of a rapid support plan.<\/div>\n                            <a href=\"\/wp-content\/uploads\/2020\/10\/CP-general.pdf\" class=\"contribution-link\" target=\"_blank\">\n\t                                                                See more\n\t                                                        <\/a>\n                        <\/div>\n                    <\/div>\n                <\/div>\n\t\t\t                <div class=\"contribution-item\" contribution-id=\"338\">\n                    <div class=\"contribution-item-content\">\n                        <div class=\"contribution-item-image-container\">\n                            <div class=\"contribution-item-image\"  style=\"background-image: url('https:\/\/www.vivantavocats.com\/wp-content\/uploads\/2020\/10\/social-decl-bg-1024x640.png')\"><\/div>\n                        <\/div>\n                        <div class=\"contribution-details\">\n                            <div class=\"contribution-date\">September 14, 2020<\/div>\n\n                            <h3>\n\t\t\t\t\t\t\t\tSurvey                            <\/h3>\n                            <div class=\"contribution-text\">OpinionWay: Accompanying the transformation of companies.<\/div>\n                            <a href=\"\/wp-content\/uploads\/2020\/10\/etude-opinion-way-accompagnement-de-la-transformation-rapport_NICO.pdf\" class=\"contribution-link\" target=\"_blank\">\n\t                                                                See more\n\t                                                        <\/a>\n                        <\/div>\n                    <\/div>\n                <\/div>\n\t\t\t                <div class=\"contribution-item\" contribution-id=\"345\">\n                    <div class=\"contribution-item-content\">\n                        <div class=\"contribution-item-image-container\">\n                            <div class=\"contribution-item-image\"  style=\"background-image: url('https:\/\/www.vivantavocats.com\/wp-content\/uploads\/2020\/10\/slide-5-bg-1024x640.jpg')\"><\/div>\n                        <\/div>\n                        <div class=\"contribution-details\">\n                            <div class=\"contribution-date\">August 27, 2020<\/div>\n\n                            <h3>\n\t\t\t\t\t\t\t\tVideo                            <\/h3>\n                            <div class=\"contribution-text\">Intervention at France renaissance: \"It is necessary to include social dialogue and social partners in the prevention of risks related to the health crisis.\"<\/div>\n                            <a href=\"https:\/\/www.youtube.com\/watch?v=oC6Y4Nx1Rsk\" class=\"contribution-link\" target=\"_blank\">\n\t                                                                See more\n\t                                                        <\/a>\n                        <\/div>\n                    <\/div>\n                <\/div>\n\t\t\t                <div class=\"contribution-item\" contribution-id=\"348\">\n                    <div class=\"contribution-item-content\">\n                        <div class=\"contribution-item-image-container\">\n                            <div class=\"contribution-item-image\"  style=\"background-image: url('https:\/\/www.vivantavocats.com\/wp-content\/uploads\/2020\/10\/Capture-d\u2019e\u0301cran-2020-10-20-a\u0300-10.32.11-1024x938.jpg')\"><\/div>\n                        <\/div>\n                        <div class=\"contribution-details\">\n                            <div class=\"contribution-date\">January 25, 2020<\/div>\n\n                            <h3>\n\t\t\t\t\t\t\t\tVideo                            <\/h3>\n                            <div class=\"contribution-text\">The ESC [economic and social committee] a successful opportunity to renew its social dialogue?<\/div>\n                            <a href=\"https:\/\/youtu.be\/ueH4l1dq1j0\" class=\"contribution-link\" target=\"_blank\">\n\t                                                                See more\n\t                                                        <\/a>\n                        <\/div>\n                    <\/div>\n                <\/div>\n\t\t\t                <div class=\"contribution-item\" contribution-id=\"435\">\n                    <div class=\"contribution-item-content\">\n                        <div class=\"contribution-item-image-container\">\n                            <div class=\"contribution-item-image\"  style=\"background-image: url('https:\/\/www.vivantavocats.com\/wp-content\/uploads\/2020\/10\/social-decl-bg-1024x640.png')\"><\/div>\n                        <\/div>\n                        <div class=\"contribution-details\">\n                            <div class=\"contribution-date\">September 5, 2017<\/div>\n\n                            <h3>\n\t\t\t\t\t\t\t\tHuffingtonpost                            <\/h3>\n                            <div class=\"contribution-text\">Major developments in employment regulations in France<\/div>\n                            <a href=\"https:\/\/www.huffingtonpost.fr\/antoine-vivant\/ce-quil-faut-savoir-sur-les-ordonnances-travail-avant-de-les-rejeter-en-bloc_a_23195895\/\" class=\"contribution-link\" target=\"_blank\">\n\t                                                                See more\n\t                                                        <\/a>\n                        <\/div>\n                    <\/div>\n                <\/div>\n\t\t\t                <div class=\"contribution-item\" contribution-id=\"433\">\n                    <div class=\"contribution-item-content\">\n                        <div class=\"contribution-item-image-container\">\n                            <div class=\"contribution-item-image\"  style=\"background-image: url('https:\/\/www.vivantavocats.com\/wp-content\/uploads\/2020\/10\/social-decl-bg-1024x640.png')\"><\/div>\n                        <\/div>\n                        <div class=\"contribution-details\">\n                            <div class=\"contribution-date\">July 27, 2017<\/div>\n\n                            <h3>\n\t\t\t\t\t\t\t\tHuffingtonpost                            <\/h3>\n                            <div class=\"contribution-text\">Redundancies, alternative solutions when companies are transforming<\/div>\n                            <a href=\"https:\/\/www.huffingtonpost.fr\/antoine-vivant\/en-finir-avec-le-licenciement-economique-lorsque-l-entreprise-evolue_a_23050738\/\" class=\"contribution-link\" target=\"_blank\">\n\t                                                                See more\n\t                                                        <\/a>\n                        <\/div>\n                    <\/div>\n                <\/div>\n\t\t\t        <\/div>\n\n    <\/div>\n\n[\/vc_column][\/vc_row]<\/p>\n<p><\/p>","protected":false},"excerpt":{"rendered":"<p>[vc_row][vc_column][\/vc_column][\/vc_row]<\/p>\n","protected":false},"author":1,"featured_media":0,"parent":0,"menu_order":0,"comment_status":"closed","ping_status":"closed","template":"page-full.php","meta":[],"yoast_head":"<!-- This site is optimized with the Yoast SEO plugin v16.8 - https:\/\/yoast.com\/wordpress\/plugins\/seo\/ -->\n<title>(Fran\u00e7ais) Contributions - Vivant Avocats<\/title>\n<meta name=\"description\" content=\"(Fran\u00e7ais) Toutes les contributions du cabinet Vivant Avocats class\u00e9es par date de diffusion avec les interviews, les articles de presse, les \u00e9tudes du secteur et les interventions d&#039;Antoine Vivant.\" \/>\n<meta name=\"robots\" content=\"index, follow, max-snippet:-1, max-image-preview:large, max-video-preview:-1\" \/>\n<link rel=\"canonical\" href=\"https:\/\/www.vivantavocats.com\/en\/contributions\/\" \/>\n<meta property=\"og:locale\" content=\"en_US\" \/>\n<meta property=\"og:type\" content=\"article\" \/>\n<meta property=\"og:title\" content=\"{:fr}Contributions du cabinet Vivant Avocats.{:}\" \/>\n<meta property=\"og:description\" content=\"{:fr}Toutes les contributions du cabinet Vivant Avocats class\u00e9es par date de diffusion avec les interviews, les articles de presse, les \u00e9tudes du secteur et les interventions d&#039;Antoine Vivant. {:}\" \/>\n<meta property=\"og:url\" content=\"https:\/\/www.vivantavocats.com\/en\/contributions\/\" \/>\n<meta property=\"og:site_name\" content=\"Vivant Avocats\" \/>\n<meta property=\"article:modified_time\" content=\"2022-11-08T09:36:03+00:00\" \/>\n<meta name=\"twitter:card\" content=\"summary\" \/>\n<meta name=\"twitter:title\" content=\"{:fr}Contributions du cabinet Vivant Avocats.{:}\" \/>\n<meta name=\"twitter:description\" content=\"{:fr}Toutes les contributions du cabinet Vivant Avocats class\u00e9es par date de diffusion avec les interviews, les articles de presse, les \u00e9tudes du secteur et les interventions d&#039;Antoine Vivant. {:}\" \/>\n<script type=\"application\/ld+json\" class=\"yoast-schema-graph\">{\"@context\":\"https:\/\/schema.org\",\"@graph\":[{\"@type\":\"Organization\",\"@id\":\"https:\/\/www.vivantavocats.com\/#organization\",\"name\":\"Vivant Avocats\",\"url\":\"https:\/\/www.vivantavocats.com\/\",\"sameAs\":[],\"logo\":{\"@type\":\"ImageObject\",\"@id\":\"https:\/\/www.vivantavocats.com\/#logo\",\"inLanguage\":\"en-US\",\"url\":\"https:\/\/www.vivantavocats.com\/wp-content\/uploads\/2020\/08\/logo-vivant.png\",\"contentUrl\":\"https:\/\/www.vivantavocats.com\/wp-content\/uploads\/2020\/08\/logo-vivant.png\",\"width\":392,\"height\":532,\"caption\":\"Vivant Avocats\"},\"image\":{\"@id\":\"https:\/\/www.vivantavocats.com\/#logo\"}},{\"@type\":\"WebSite\",\"@id\":\"https:\/\/www.vivantavocats.com\/#website\",\"url\":\"https:\/\/www.vivantavocats.com\/\",\"name\":\"Vivant Avocats\",\"description\":\"\",\"publisher\":{\"@id\":\"https:\/\/www.vivantavocats.com\/#organization\"},\"potentialAction\":[{\"@type\":\"SearchAction\",\"target\":{\"@type\":\"EntryPoint\",\"urlTemplate\":\"https:\/\/www.vivantavocats.com\/?s={search_term_string}\"},\"query-input\":\"required name=search_term_string\"}],\"inLanguage\":\"en-US\"},{\"@type\":\"WebPage\",\"@id\":\"https:\/\/www.vivantavocats.com\/en\/contributions\/#webpage\",\"url\":\"https:\/\/www.vivantavocats.com\/en\/contributions\/\",\"name\":\"{:fr}Contributions - Vivant Avocats {:}\",\"isPartOf\":{\"@id\":\"https:\/\/www.vivantavocats.com\/#website\"},\"datePublished\":\"2020-10-19T12:39:41+00:00\",\"dateModified\":\"2022-11-08T09:36:03+00:00\",\"description\":\"{:fr} Toutes les contributions du cabinet Vivant Avocats class\\u00e9es par date de diffusion avec les interviews, les articles de presse, les \\u00e9tudes du secteur et les interventions d'Antoine Vivant. {:}\",\"breadcrumb\":{\"@id\":\"https:\/\/www.vivantavocats.com\/en\/contributions\/#breadcrumb\"},\"inLanguage\":\"en-US\",\"potentialAction\":[{\"@type\":\"ReadAction\",\"target\":[\"https:\/\/www.vivantavocats.com\/en\/contributions\/\"]}]},{\"@type\":\"BreadcrumbList\",\"@id\":\"https:\/\/www.vivantavocats.com\/en\/contributions\/#breadcrumb\",\"itemListElement\":[{\"@type\":\"ListItem\",\"position\":1,\"name\":\"Accueil\",\"item\":\"https:\/\/www.vivantavocats.com\/\"},{\"@type\":\"ListItem\",\"position\":2,\"name\":\"Contributions\"}]}]}<\/script>\n<!-- \/ Yoast SEO plugin. -->","yoast_head_json":{"title":"(Fran\u00e7ais) Contributions - Vivant Avocats","description":"(Fran\u00e7ais) Toutes les contributions du cabinet Vivant Avocats class\u00e9es par date de diffusion avec les interviews, les articles de presse, les \u00e9tudes du secteur et les interventions d'Antoine Vivant.","robots":{"index":"index","follow":"follow","max-snippet":"max-snippet:-1","max-image-preview":"max-image-preview:large","max-video-preview":"max-video-preview:-1"},"canonical":"https:\/\/www.vivantavocats.com\/en\/contributions\/","og_locale":"en_US","og_type":"article","og_title":"{:fr}Contributions du cabinet Vivant Avocats.{:}","og_description":"{:fr}Toutes les contributions du cabinet Vivant Avocats class\u00e9es par date de diffusion avec les interviews, les articles de presse, les \u00e9tudes du secteur et les interventions d'Antoine Vivant. {:}","og_url":"https:\/\/www.vivantavocats.com\/en\/contributions\/","og_site_name":"Vivant Avocats","article_modified_time":"2022-11-08T09:36:03+00:00","twitter_card":"summary","twitter_title":"{:fr}Contributions du cabinet Vivant Avocats.{:}","twitter_description":"{:fr}Toutes les contributions du cabinet Vivant Avocats class\u00e9es par date de diffusion avec les interviews, les articles de presse, les \u00e9tudes du secteur et les interventions d'Antoine Vivant. {:}","schema":{"@context":"https:\/\/schema.org","@graph":[{"@type":"Organization","@id":"https:\/\/www.vivantavocats.com\/#organization","name":"Vivant Avocats","url":"https:\/\/www.vivantavocats.com\/","sameAs":[],"logo":{"@type":"ImageObject","@id":"https:\/\/www.vivantavocats.com\/#logo","inLanguage":"en-US","url":"https:\/\/www.vivantavocats.com\/wp-content\/uploads\/2020\/08\/logo-vivant.png","contentUrl":"https:\/\/www.vivantavocats.com\/wp-content\/uploads\/2020\/08\/logo-vivant.png","width":392,"height":532,"caption":"Vivant Avocats"},"image":{"@id":"https:\/\/www.vivantavocats.com\/#logo"}},{"@type":"WebSite","@id":"https:\/\/www.vivantavocats.com\/#website","url":"https:\/\/www.vivantavocats.com\/","name":"Vivant Avocats","description":"","publisher":{"@id":"https:\/\/www.vivantavocats.com\/#organization"},"potentialAction":[{"@type":"SearchAction","target":{"@type":"EntryPoint","urlTemplate":"https:\/\/www.vivantavocats.com\/?s={search_term_string}"},"query-input":"required name=search_term_string"}],"inLanguage":"en-US"},{"@type":"WebPage","@id":"https:\/\/www.vivantavocats.com\/en\/contributions\/#webpage","url":"https:\/\/www.vivantavocats.com\/en\/contributions\/","name":"{:fr}Contributions - Vivant Avocats {:}","isPartOf":{"@id":"https:\/\/www.vivantavocats.com\/#website"},"datePublished":"2020-10-19T12:39:41+00:00","dateModified":"2022-11-08T09:36:03+00:00","description":"{:fr} Toutes les contributions du cabinet Vivant Avocats class\u00e9es par date de diffusion avec les interviews, les articles de presse, les \u00e9tudes du secteur et les interventions d'Antoine Vivant. {:}","breadcrumb":{"@id":"https:\/\/www.vivantavocats.com\/en\/contributions\/#breadcrumb"},"inLanguage":"en-US","potentialAction":[{"@type":"ReadAction","target":["https:\/\/www.vivantavocats.com\/en\/contributions\/"]}]},{"@type":"BreadcrumbList","@id":"https:\/\/www.vivantavocats.com\/en\/contributions\/#breadcrumb","itemListElement":[{"@type":"ListItem","position":1,"name":"Accueil","item":"https:\/\/www.vivantavocats.com\/"},{"@type":"ListItem","position":2,"name":"Contributions"}]}]}},"_links":{"self":[{"href":"https:\/\/www.vivantavocats.com\/en\/wp-json\/wp\/v2\/pages\/326"}],"collection":[{"href":"https:\/\/www.vivantavocats.com\/en\/wp-json\/wp\/v2\/pages"}],"about":[{"href":"https:\/\/www.vivantavocats.com\/en\/wp-json\/wp\/v2\/types\/page"}],"author":[{"embeddable":true,"href":"https:\/\/www.vivantavocats.com\/en\/wp-json\/wp\/v2\/users\/1"}],"replies":[{"embeddable":true,"href":"https:\/\/www.vivantavocats.com\/en\/wp-json\/wp\/v2\/comments?post=326"}],"version-history":[{"count":5,"href":"https:\/\/www.vivantavocats.com\/en\/wp-json\/wp\/v2\/pages\/326\/revisions"}],"predecessor-version":[{"id":440,"href":"https:\/\/www.vivantavocats.com\/en\/wp-json\/wp\/v2\/pages\/326\/revisions\/440"}],"wp:attachment":[{"href":"https:\/\/www.vivantavocats.com\/en\/wp-json\/wp\/v2\/media?parent=326"}],"curies":[{"name":"wp","href":"https:\/\/api.w.org\/{rel}","templated":true}]}}