{"id":42,"date":"2020-08-05T15:23:25","date_gmt":"2020-08-05T13:23:25","guid":{"rendered":"https:\/\/www.vivantavocats.com\/?page_id=42"},"modified":"2022-11-16T14:54:31","modified_gmt":"2022-11-16T13:54:31","slug":"equipe","status":"publish","type":"page","link":"https:\/\/www.vivantavocats.com\/en\/equipe\/","title":{"rendered":"Team"},"content":{"rendered":"<p>[vc_row][vc_column]\n        <div class=\"profil-items-container\">\n        \n            \n        \n            \n        \n            \n        \n            \n        \n            \n        \n            \n        \n        <div class=\"profil-items\">\n                    <div class=\"profil-item\" profil-id=\"63\">\n                <div class=\"profil-item-content\">\n                    <div class=\"profil-item-image-container\">\n                        <div class=\"profil-item-image\"  style=\"background-image: url('https:\/\/www.vivantavocats.com\/wp-content\/uploads\/2020\/08\/profil_1.jpg')\"><\/div>\n                    <\/div>\n                    <div class=\"profil-details\">\n                        <h3>\n                            Antoine Vivant                        <\/h3>\n                        <div class=\"profil-info\">Partner<\/div>\n                        <div class=\"profil-info\"><\/div>\n                                                <div class=\"profil-info linkedin\">\n                            <a href=\"https:\/\/www.linkedin.com\/in\/antoine-vivant-2a9768\/\" target=\"_blank\">\n                                <img src=\"\/wp-content\/uploads\/2020\/09\/ic-linkedin-rogned.png\" alt=\"\">\n                            <\/a>\n                        <\/div>\n                                            <\/div>\n                <\/div>\n            <\/div>\n                    <div class=\"profil-item\" profil-id=\"543\">\n                <div class=\"profil-item-content\">\n                    <div class=\"profil-item-image-container\">\n                        <div class=\"profil-item-image\"  style=\"background-image: url('https:\/\/www.vivantavocats.com\/wp-content\/uploads\/2024\/01\/Photo-profil-cabinet-CBC.jpg')\"><\/div>\n                    <\/div>\n                    <div class=\"profil-details\">\n                        <h3>\n                            Corinne Baron-Charbonnier                        <\/h3>\n                        <div class=\"profil-info\">Partner<\/div>\n                        <div class=\"profil-info\"><\/div>\n                                                <div class=\"profil-info linkedin\">\n                            <a href=\"https:\/\/www.linkedin.com\/in\/corinne-baron-charbonnier-414b482a\/\" target=\"_blank\">\n                                <img src=\"\/wp-content\/uploads\/2020\/09\/ic-linkedin-rogned.png\" alt=\"\">\n                            <\/a>\n                        <\/div>\n                                            <\/div>\n                <\/div>\n            <\/div>\n                    <div class=\"profil-item\" profil-id=\"107\">\n                <div class=\"profil-item-content\">\n                    <div class=\"profil-item-image-container\">\n                        <div class=\"profil-item-image\"  style=\"background-image: url('https:\/\/www.vivantavocats.com\/wp-content\/uploads\/2020\/08\/profil_4.jpg')\"><\/div>\n                    <\/div>\n                    <div class=\"profil-details\">\n                        <h3>\n                            Pauline Curnier-Cribeillet                        <\/h3>\n                        <div class=\"profil-info\">Partner<\/div>\n                        <div class=\"profil-info\"><\/div>\n                                                <div class=\"profil-info linkedin\">\n                            <a href=\"https:\/\/www.linkedin.com\/in\/pauline-curnier-cribeillet-a1225116\/\" target=\"_blank\">\n                                <img src=\"\/wp-content\/uploads\/2020\/09\/ic-linkedin-rogned.png\" alt=\"\">\n                            <\/a>\n                        <\/div>\n                                            <\/div>\n                <\/div>\n            <\/div>\n                    <div class=\"profil-item\" profil-id=\"541\">\n                <div class=\"profil-item-content\">\n                    <div class=\"profil-item-image-container\">\n                        <div class=\"profil-item-image\"  style=\"background-image: url('https:\/\/www.vivantavocats.com\/wp-content\/uploads\/2020\/08\/Photo-Jean-d\u00e9f-683x1024.jpg')\"><\/div>\n                    <\/div>\n                    <div class=\"profil-details\">\n                        <h3>\n                            Jean Chauvir\u00e9                        <\/h3>\n                        <div class=\"profil-info\">Scientific advisor<\/div>\n                        <div class=\"profil-info\"><\/div>\n                                                <div class=\"profil-info linkedin\">\n                            <a href=\"(Fran\u00e7ais) https:\/\/fr.linkedin.com\/in\/maevalapierre\" target=\"_blank\">\n                                <img src=\"\/wp-content\/uploads\/2020\/09\/ic-linkedin-rogned.png\" alt=\"\">\n                            <\/a>\n                        <\/div>\n                                            <\/div>\n                <\/div>\n            <\/div>\n                    <div class=\"profil-item\" profil-id=\"606\">\n                <div class=\"profil-item-content\">\n                    <div class=\"profil-item-image-container\">\n                        <div class=\"profil-item-image\"  style=\"background-image: url('https:\/\/www.vivantavocats.com\/wp-content\/uploads\/2025\/06\/\u00a9StudioCabrelli-1319-1024x1024.jpg')\"><\/div>\n                    <\/div>\n                    <div class=\"profil-details\">\n                        <h3>\n                            Antony Fromentin                        <\/h3>\n                        <div class=\"profil-info\">Associate<\/div>\n                        <div class=\"profil-info\"><\/div>\n                                                <div class=\"profil-info linkedin\">\n                            <a href=\"(Fran\u00e7ais) https:\/\/www.linkedin.com\/in\/antony-fromentin-2603a4114?utm_source=share&utm_campaign=share_via&utm_content=profile&utm_medium=ios_app\" target=\"_blank\">\n                                <img src=\"\/wp-content\/uploads\/2020\/09\/ic-linkedin-rogned.png\" alt=\"\">\n                            <\/a>\n                        <\/div>\n                                            <\/div>\n                <\/div>\n            <\/div>\n                    <div class=\"profil-item\" profil-id=\"615\">\n                <div class=\"profil-item-content\">\n                    <div class=\"profil-item-image-container\">\n                        <div class=\"profil-item-image\"  style=\"background-image: url('https:\/\/www.vivantavocats.com\/wp-content\/uploads\/2025\/10\/\u00a9StudioCabrelli-5431-R-1024x1024.jpg')\"><\/div>\n                    <\/div>\n                    <div class=\"profil-details\">\n                        <h3>\n                            Nicolas Maingard                        <\/h3>\n                        <div class=\"profil-info\">Associate<\/div>\n                        <div class=\"profil-info\"><\/div>\n                                                <div class=\"profil-info linkedin\">\n                            <a href=\"http:\/\/linkedin.com\/in\/nicolas-maingard-8442ba89\" target=\"_blank\">\n                                <img src=\"\/wp-content\/uploads\/2020\/09\/ic-linkedin-rogned.png\" alt=\"\">\n                            <\/a>\n                        <\/div>\n                                            <\/div>\n                <\/div>\n            <\/div>\n                <\/div>\n\n        <div class=\"profil-details-items\">\n                            <div class=\"profil-details-item\" profil-id=\"63\">\n                    <div class=\"profil-details-item-content\">\n                        <div class=\"left\">\n                            <img src=\"https:\/\/www.vivantavocats.com\/wp-content\/uploads\/2020\/08\/profil_1.jpg\" alt=\"\">\n                        <\/div>\n                        <div class=\"right\">\n                            <div class=\"profil-details\">\n                                <h3>\n\t\t\t                        Antoine Vivant                                <\/h3>\n                                <div class=\"profil-info\">Partner<\/div>\n                                <div class=\"profil-info\"><\/div>\n                                <div style=\"height:15px;width: 100%\"><\/div>\n                                                                    <div class=\"profil-info-contact\">Tel : +33 (1) 76 21 76 00<\/div>\n                                \t                                                                <div class=\"profil-info-contact\">Mob : +33 (6) 20 223 223<\/div>\n\t                                                            <div class=\"profil-info-contact mail\"><a href=\"mailto:a.vivant@vivantavocats.com\">a.vivant@vivantavocats.com<\/a><\/div>\n\t\t                                                        <div class=\"profil-info-contact linkedin\">\n                                    <a href=\"https:\/\/www.linkedin.com\/in\/antoine-vivant-2a9768\/\" target=\"_blank\">\n                                        <img src=\"\/wp-content\/uploads\/2020\/09\/ic-linkedin-rogned.png\" alt=\"\">\n                                    <\/a>\n                                <\/div>\n                                \n                            <\/div>\n                            <div class=\"profil-description\">\n                                <p>\n                                    <p>With over thirty years\u2019 experience in transformations, Antoine is a strategy and employment relations consultant to French and multinational companies and groups in a wide range of sectors, helping them address the workforce challenges entailed in structural changes (restructuring, transformation, reorganisation, etc.).<\/p>\n<p>In addition, Antoine assists his clients with corporate transactions (takeover bids, M&amp;A, concentration, etc.), HR policy implementation (extended working hours, career management, mobility, training, etc.), and compensation policy (employee savings and shareholding schemes, executive officer status, etc.).<\/p>\n<p>Antoine also supports his clients in complex collective bargaining litigation, as well as in criminal litigation as required.<\/p>\n<p>He is a member of the IBA (International Bar Association) and EELA (European Employment Lawyers Association).<\/p>\n<p>Before founding Vivant Avocats, Antoine was a partner at Barth\u00e9l\u00e9my, created the employment law department at Eversheds Sutherland in Paris, and co-founded Cotty Vivant.<\/p>\n<p>Antoine is ranked as a Legal 500 <em>Grand avocat du march\u00e9<\/em> and has been awarded an individual distinction by Chambers and Partners.<\/p>\n                                <\/p>\n                            <\/div>\n                        <\/div>\n                        <div class=\"exit\">\n                            <img src=\"\/wp-content\/uploads\/2020\/08\/ic_white_cross.png\" alt=\"\">\n                        <\/div>\n                    <\/div>\n\n                <\/div>\n                            <div class=\"profil-details-item\" profil-id=\"543\">\n                    <div class=\"profil-details-item-content\">\n                        <div class=\"left\">\n                            <img src=\"https:\/\/www.vivantavocats.com\/wp-content\/uploads\/2024\/01\/Photo-profil-cabinet-CBC.jpg\" alt=\"\">\n                        <\/div>\n                        <div class=\"right\">\n                            <div class=\"profil-details\">\n                                <h3>\n\t\t\t                        Corinne Baron-Charbonnier                                <\/h3>\n                                <div class=\"profil-info\">Partner<\/div>\n                                <div class=\"profil-info\"><\/div>\n                                <div style=\"height:15px;width: 100%\"><\/div>\n                                                                    <div class=\"profil-info-contact\">Tel : +33 (1) 76 21 76 00<\/div>\n                                \t                                                                <div class=\"profil-info-contact\">Mob : +33 (6) 61 42 95 00<\/div>\n\t                                                            <div class=\"profil-info-contact mail\"><a href=\"mailto:c.baron-charbonnier@vivantavocats.com\">c.baron-charbonnier@vivantavocats.com<\/a><\/div>\n\t\t                                                        <div class=\"profil-info-contact linkedin\">\n                                    <a href=\"https:\/\/www.linkedin.com\/in\/corinne-baron-charbonnier-414b482a\/\" target=\"_blank\">\n                                        <img src=\"\/wp-content\/uploads\/2020\/09\/ic-linkedin-rogned.png\" alt=\"\">\n                                    <\/a>\n                                <\/div>\n                                \n                            <\/div>\n                            <div class=\"profil-description\">\n                                <p>\n                                    <p>Corinne Baron-Charbonnier has been practising employment law for 20 years, advising and litigating on behalf of national and transnational companies and groups.<\/p>\n<p>Her practice covers all aspects of corporate social organisation (staff representation, collective bargaining, organisation of working time, remuneration, employee savings and share ownership schemes, restructuring with or without collective redundancies) and social security law.<\/p>\n<p>In particular, she has recognised experience in managing complex collective labour disputes between companies and their trade unions, and in employee representative bodies when they are set up as part of the transformation into a European company. She also provides comprehensive support to companies during URSSAF audits.<\/p>\n<p>Corinne holds a master&#8217;s degree in employment law (1999 &#8211; Valedictorian) and a postgraduate diploma (DEA) in employment law (2000) from the University of Paris I &#8211; Panth\u00e9on-Sorbonne. She was previously Counsel at CMS Francis Lefebvre Avocats.<\/p>\n                                <\/p>\n                            <\/div>\n                        <\/div>\n                        <div class=\"exit\">\n                            <img src=\"\/wp-content\/uploads\/2020\/08\/ic_white_cross.png\" alt=\"\">\n                        <\/div>\n                    <\/div>\n\n                <\/div>\n                            <div class=\"profil-details-item\" profil-id=\"107\">\n                    <div class=\"profil-details-item-content\">\n                        <div class=\"left\">\n                            <img src=\"https:\/\/www.vivantavocats.com\/wp-content\/uploads\/2020\/08\/profil_4.jpg\" alt=\"\">\n                        <\/div>\n                        <div class=\"right\">\n                            <div class=\"profil-details\">\n                                <h3>\n\t\t\t                        Pauline Curnier-Cribeillet                                <\/h3>\n                                <div class=\"profil-info\">Partner<\/div>\n                                <div class=\"profil-info\"><\/div>\n                                <div style=\"height:15px;width: 100%\"><\/div>\n                                                                    <div class=\"profil-info-contact\">Tel : +33 (0)1 76 21 76 00<\/div>\n                                \t                                                                <div class=\"profil-info-contact\">Mob : +33 (0)6 71 85 84 33<\/div>\n\t                                                            <div class=\"profil-info-contact mail\"><a href=\"mailto:p.curnier-cribeillet@vivantavocats.com\">p.curnier-cribeillet@vivantavocats.com<\/a><\/div>\n\t\t                                                        <div class=\"profil-info-contact linkedin\">\n                                    <a href=\"https:\/\/www.linkedin.com\/in\/pauline-curnier-cribeillet-a1225116\/\" target=\"_blank\">\n                                        <img src=\"\/wp-content\/uploads\/2020\/09\/ic-linkedin-rogned.png\" alt=\"\">\n                                    <\/a>\n                                <\/div>\n                                \n                            <\/div>\n                            <div class=\"profil-description\">\n                                <p>\n                                    <p>Pauline graduated from the \u2018Science Po\u2019 law school in Paris and has been an attorney since 2016.<\/p>\n<p>She began her career working in Antoine Vivant\u2019s team before joining Vivant Avocats.<\/p>\n<p>She has developed specialist expertise in CSR and the roll-out of compliance policies in the field of social relations. She assists the practice\u2019s clients as they manage employment and labour relations.<\/p>\n<p>Pauline is a member of AvoSial.<\/p>\n                                <\/p>\n                            <\/div>\n                        <\/div>\n                        <div class=\"exit\">\n                            <img src=\"\/wp-content\/uploads\/2020\/08\/ic_white_cross.png\" alt=\"\">\n                        <\/div>\n                    <\/div>\n\n                <\/div>\n                            <div class=\"profil-details-item\" profil-id=\"541\">\n                    <div class=\"profil-details-item-content\">\n                        <div class=\"left\">\n                            <img src=\"https:\/\/www.vivantavocats.com\/wp-content\/uploads\/2020\/08\/Photo-Jean-d\u00e9f-683x1024.jpg\" alt=\"\">\n                        <\/div>\n                        <div class=\"right\">\n                            <div class=\"profil-details\">\n                                <h3>\n\t\t\t                        Jean Chauvir\u00e9                                <\/h3>\n                                <div class=\"profil-info\">Scientific advisor<\/div>\n                                <div class=\"profil-info\"><\/div>\n                                <div style=\"height:15px;width: 100%\"><\/div>\n                                \t                                                            <div class=\"profil-info-contact mail\"><a href=\"mailto:j.chauvire@vivantavocats.com\">j.chauvire@vivantavocats.com<\/a><\/div>\n\t\t                                                        <div class=\"profil-info-contact linkedin\">\n                                    <a href=\"(Fran\u00e7ais) https:\/\/fr.linkedin.com\/in\/maevalapierre\" target=\"_blank\">\n                                        <img src=\"\/wp-content\/uploads\/2020\/09\/ic-linkedin-rogned.png\" alt=\"\">\n                                    <\/a>\n                                <\/div>\n                                \n                            <\/div>\n                            <div class=\"profil-description\">\n                                <p>\n                                    <p>Jean Chauvir\u00e9 is a consultant to the practice. He has worked as a magistrate, notably for the French Court of Cassation\u2019s employment chamber.<\/p>\n<p>He contributes to the development of the firm\u2019s doctrine and provides specialist technical expertise, in particular for major, high-risk litigation.<\/p>\n                                <\/p>\n                            <\/div>\n                        <\/div>\n                        <div class=\"exit\">\n                            <img src=\"\/wp-content\/uploads\/2020\/08\/ic_white_cross.png\" alt=\"\">\n                        <\/div>\n                    <\/div>\n\n                <\/div>\n                            <div class=\"profil-details-item\" profil-id=\"606\">\n                    <div class=\"profil-details-item-content\">\n                        <div class=\"left\">\n                            <img src=\"https:\/\/www.vivantavocats.com\/wp-content\/uploads\/2025\/06\/\u00a9StudioCabrelli-1319-1024x1024.jpg\" alt=\"\">\n                        <\/div>\n                        <div class=\"right\">\n                            <div class=\"profil-details\">\n                                <h3>\n\t\t\t                        Antony Fromentin                                <\/h3>\n                                <div class=\"profil-info\">Associate<\/div>\n                                <div class=\"profil-info\"><\/div>\n                                <div style=\"height:15px;width: 100%\"><\/div>\n                                                                    <div class=\"profil-info-contact\">Tel : +33 (0)1 76 21 76 00<\/div>\n                                \t                                                            <div class=\"profil-info-contact mail\"><a href=\"mailto:a.fromentin@vivantavocats.com\">a.fromentin@vivantavocats.com<\/a><\/div>\n\t\t                                                        <div class=\"profil-info-contact linkedin\">\n                                    <a href=\"(Fran\u00e7ais) https:\/\/www.linkedin.com\/in\/antony-fromentin-2603a4114?utm_source=share&utm_campaign=share_via&utm_content=profile&utm_medium=ios_app\" target=\"_blank\">\n                                        <img src=\"\/wp-content\/uploads\/2020\/09\/ic-linkedin-rogned.png\" alt=\"\">\n                                    <\/a>\n                                <\/div>\n                                \n                            <\/div>\n                            <div class=\"profil-description\">\n                                <p>\n                                    <p>Antony is a lawyer since February 2019.<br \/>\nHe advises and litigates with French and international companies of all sizes on issues relating to individual and collective labour relations and social protection before the Labour Court, the Court of First Instance and the Court of Appeal.<br \/>\nAntony holds a Master 2 in Employment Law from the University of Paris 1 &#8211; Panth\u00e9on Sorbonne, and was previously an employee in a general practice law firm, enabling him to apply cross-disciplinary concepts to the benefit of an ever-changing employment law.<\/p>\n                                <\/p>\n                            <\/div>\n                        <\/div>\n                        <div class=\"exit\">\n                            <img src=\"\/wp-content\/uploads\/2020\/08\/ic_white_cross.png\" alt=\"\">\n                        <\/div>\n                    <\/div>\n\n                <\/div>\n                            <div class=\"profil-details-item\" profil-id=\"615\">\n                    <div class=\"profil-details-item-content\">\n                        <div class=\"left\">\n                            <img src=\"https:\/\/www.vivantavocats.com\/wp-content\/uploads\/2025\/10\/\u00a9StudioCabrelli-5431-R-1024x1024.jpg\" alt=\"\">\n                        <\/div>\n                        <div class=\"right\">\n                            <div class=\"profil-details\">\n                                <h3>\n\t\t\t                        Nicolas Maingard                                <\/h3>\n                                <div class=\"profil-info\">Associate<\/div>\n                                <div class=\"profil-info\"><\/div>\n                                <div style=\"height:15px;width: 100%\"><\/div>\n                                \t                                                            <div class=\"profil-info-contact mail\"><a href=\"mailto:n.maingard@vivantavocats.com\">n.maingard@vivantavocats.com<\/a><\/div>\n\t\t                                                        <div class=\"profil-info-contact linkedin\">\n                                    <a href=\"http:\/\/linkedin.com\/in\/nicolas-maingard-8442ba89\" target=\"_blank\">\n                                        <img src=\"\/wp-content\/uploads\/2020\/09\/ic-linkedin-rogned.png\" alt=\"\">\n                                    <\/a>\n                                <\/div>\n                                \n                            <\/div>\n                            <div class=\"profil-description\">\n                                <p>\n                                    <p>Graduated with a DESS in Business and Tax Law from Montesquieu University Bordeaux IV, and lawyer at the Paris Bar since 2007, Nicolas Maingard has been assisting French and international companies, as well as executive leaders, for 18 years in all Labor Law matters, both in advisory and litigation activities.<\/p>\n<p>Prior to join Vivant Avocats, Nicolas worked for 10 years in the Labor Law department of the firm Reinhart Marville Torre, then created his own firm, handling all types of issues and disputes related to individual and collective Labor Law matters.<\/p>\n                                <\/p>\n                            <\/div>\n                        <\/div>\n                        <div class=\"exit\">\n                            <img src=\"\/wp-content\/uploads\/2020\/08\/ic_white_cross.png\" alt=\"\">\n                        <\/div>\n                    <\/div>\n\n                <\/div>\n                    <\/div>\n    <\/div>\n\n[\/vc_column][\/vc_row]<\/p>\n","protected":false},"excerpt":{"rendered":"<p>[vc_row][vc_column][\/vc_column][\/vc_row]<\/p>\n","protected":false},"author":1,"featured_media":0,"parent":0,"menu_order":0,"comment_status":"closed","ping_status":"closed","template":"page-full.php","meta":[],"yoast_head":"<!-- This site is optimized with the Yoast SEO plugin v16.8 - https:\/\/yoast.com\/wordpress\/plugins\/seo\/ -->\n<title>Team - Vivant Avocats<\/title>\n<meta name=\"description\" content=\"(Fran\u00e7ais) Antoine Vivant Avocat \u00e0 la Cour et son \u00e9quipe d&#039;avocats au sein du cabinet d&#039;avocats Vivant Avocats\" \/>\n<meta name=\"robots\" content=\"index, follow, max-snippet:-1, max-image-preview:large, max-video-preview:-1\" \/>\n<link rel=\"canonical\" href=\"https:\/\/www.vivantavocats.com\/equipe\/\" \/>\n<meta property=\"og:locale\" content=\"en_US\" \/>\n<meta property=\"og:type\" content=\"article\" \/>\n<meta property=\"og:title\" content=\"{:fr}Pr\u00e9sentation de l&#039;\u00e9quipe du cabinet Vivant Avocats{:}\" \/>\n<meta property=\"og:description\" content=\"{:fr}Antoine Vivant avocat \u00e0 la Cour et son \u00e9quipe au sein du cabinet Vivant Avocats.{:}\" \/>\n<meta property=\"og:url\" content=\"https:\/\/www.vivantavocats.com\/equipe\/\" \/>\n<meta property=\"og:site_name\" content=\"Vivant Avocats\" \/>\n<meta property=\"article:modified_time\" content=\"2022-11-16T13:54:31+00:00\" \/>\n<meta name=\"twitter:card\" content=\"summary\" \/>\n<meta name=\"twitter:title\" content=\"{:fr}Pr\u00e9sentation de l&#039;\u00e9quipe du cabinet Vivant Avocats{:}\" \/>\n<meta name=\"twitter:description\" content=\"{:fr}Antoine Vivant avocat \u00e0 la Cour et son \u00e9quipe au sein du cabinet Vivant Avocats.{:}\" \/>\n<script type=\"application\/ld+json\" class=\"yoast-schema-graph\">{\"@context\":\"https:\/\/schema.org\",\"@graph\":[{\"@type\":\"Organization\",\"@id\":\"https:\/\/www.vivantavocats.com\/#organization\",\"name\":\"Vivant Avocats\",\"url\":\"https:\/\/www.vivantavocats.com\/\",\"sameAs\":[],\"logo\":{\"@type\":\"ImageObject\",\"@id\":\"https:\/\/www.vivantavocats.com\/#logo\",\"inLanguage\":\"en-US\",\"url\":\"https:\/\/www.vivantavocats.com\/wp-content\/uploads\/2020\/08\/logo-vivant.png\",\"contentUrl\":\"https:\/\/www.vivantavocats.com\/wp-content\/uploads\/2020\/08\/logo-vivant.png\",\"width\":392,\"height\":532,\"caption\":\"Vivant Avocats\"},\"image\":{\"@id\":\"https:\/\/www.vivantavocats.com\/#logo\"}},{\"@type\":\"WebSite\",\"@id\":\"https:\/\/www.vivantavocats.com\/#website\",\"url\":\"https:\/\/www.vivantavocats.com\/\",\"name\":\"Vivant Avocats\",\"description\":\"\",\"publisher\":{\"@id\":\"https:\/\/www.vivantavocats.com\/#organization\"},\"potentialAction\":[{\"@type\":\"SearchAction\",\"target\":{\"@type\":\"EntryPoint\",\"urlTemplate\":\"https:\/\/www.vivantavocats.com\/?s={search_term_string}\"},\"query-input\":\"required name=search_term_string\"}],\"inLanguage\":\"en-US\"},{\"@type\":\"WebPage\",\"@id\":\"https:\/\/www.vivantavocats.com\/equipe\/#webpage\",\"url\":\"https:\/\/www.vivantavocats.com\/equipe\/\",\"name\":\"Team - Vivant Avocats\",\"isPartOf\":{\"@id\":\"https:\/\/www.vivantavocats.com\/#website\"},\"datePublished\":\"2020-08-05T13:23:25+00:00\",\"dateModified\":\"2022-11-16T13:54:31+00:00\",\"description\":\"{:fr}Antoine Vivant Avocat \\u00e0 la Cour et son \\u00e9quipe d'avocats au sein du cabinet d'avocats Vivant Avocats{:}\",\"breadcrumb\":{\"@id\":\"https:\/\/www.vivantavocats.com\/equipe\/#breadcrumb\"},\"inLanguage\":\"en-US\",\"potentialAction\":[{\"@type\":\"ReadAction\",\"target\":[\"https:\/\/www.vivantavocats.com\/equipe\/\"]}]},{\"@type\":\"BreadcrumbList\",\"@id\":\"https:\/\/www.vivantavocats.com\/equipe\/#breadcrumb\",\"itemListElement\":[{\"@type\":\"ListItem\",\"position\":1,\"name\":\"Accueil\",\"item\":\"https:\/\/www.vivantavocats.com\/\"},{\"@type\":\"ListItem\",\"position\":2,\"name\":\"\\u00c9quipe\"}]}]}<\/script>\n<!-- \/ Yoast SEO plugin. -->","yoast_head_json":{"title":"Team - Vivant Avocats","description":"(Fran\u00e7ais) Antoine Vivant Avocat \u00e0 la Cour et son \u00e9quipe d'avocats au sein du cabinet d'avocats Vivant Avocats","robots":{"index":"index","follow":"follow","max-snippet":"max-snippet:-1","max-image-preview":"max-image-preview:large","max-video-preview":"max-video-preview:-1"},"canonical":"https:\/\/www.vivantavocats.com\/equipe\/","og_locale":"en_US","og_type":"article","og_title":"{:fr}Pr\u00e9sentation de l'\u00e9quipe du cabinet Vivant Avocats{:}","og_description":"{:fr}Antoine Vivant avocat \u00e0 la Cour et son \u00e9quipe au sein du cabinet Vivant Avocats.{:}","og_url":"https:\/\/www.vivantavocats.com\/equipe\/","og_site_name":"Vivant Avocats","article_modified_time":"2022-11-16T13:54:31+00:00","twitter_card":"summary","twitter_title":"{:fr}Pr\u00e9sentation de l'\u00e9quipe du cabinet Vivant Avocats{:}","twitter_description":"{:fr}Antoine Vivant avocat \u00e0 la Cour et son \u00e9quipe au sein du cabinet Vivant Avocats.{:}","schema":{"@context":"https:\/\/schema.org","@graph":[{"@type":"Organization","@id":"https:\/\/www.vivantavocats.com\/#organization","name":"Vivant Avocats","url":"https:\/\/www.vivantavocats.com\/","sameAs":[],"logo":{"@type":"ImageObject","@id":"https:\/\/www.vivantavocats.com\/#logo","inLanguage":"en-US","url":"https:\/\/www.vivantavocats.com\/wp-content\/uploads\/2020\/08\/logo-vivant.png","contentUrl":"https:\/\/www.vivantavocats.com\/wp-content\/uploads\/2020\/08\/logo-vivant.png","width":392,"height":532,"caption":"Vivant Avocats"},"image":{"@id":"https:\/\/www.vivantavocats.com\/#logo"}},{"@type":"WebSite","@id":"https:\/\/www.vivantavocats.com\/#website","url":"https:\/\/www.vivantavocats.com\/","name":"Vivant Avocats","description":"","publisher":{"@id":"https:\/\/www.vivantavocats.com\/#organization"},"potentialAction":[{"@type":"SearchAction","target":{"@type":"EntryPoint","urlTemplate":"https:\/\/www.vivantavocats.com\/?s={search_term_string}"},"query-input":"required name=search_term_string"}],"inLanguage":"en-US"},{"@type":"WebPage","@id":"https:\/\/www.vivantavocats.com\/equipe\/#webpage","url":"https:\/\/www.vivantavocats.com\/equipe\/","name":"Team - Vivant Avocats","isPartOf":{"@id":"https:\/\/www.vivantavocats.com\/#website"},"datePublished":"2020-08-05T13:23:25+00:00","dateModified":"2022-11-16T13:54:31+00:00","description":"{:fr}Antoine Vivant Avocat \u00e0 la Cour et son \u00e9quipe d'avocats au sein du cabinet d'avocats Vivant Avocats{:}","breadcrumb":{"@id":"https:\/\/www.vivantavocats.com\/equipe\/#breadcrumb"},"inLanguage":"en-US","potentialAction":[{"@type":"ReadAction","target":["https:\/\/www.vivantavocats.com\/equipe\/"]}]},{"@type":"BreadcrumbList","@id":"https:\/\/www.vivantavocats.com\/equipe\/#breadcrumb","itemListElement":[{"@type":"ListItem","position":1,"name":"Accueil","item":"https:\/\/www.vivantavocats.com\/"},{"@type":"ListItem","position":2,"name":"\u00c9quipe"}]}]}},"_links":{"self":[{"href":"https:\/\/www.vivantavocats.com\/en\/wp-json\/wp\/v2\/pages\/42"}],"collection":[{"href":"https:\/\/www.vivantavocats.com\/en\/wp-json\/wp\/v2\/pages"}],"about":[{"href":"https:\/\/www.vivantavocats.com\/en\/wp-json\/wp\/v2\/types\/page"}],"author":[{"embeddable":true,"href":"https:\/\/www.vivantavocats.com\/en\/wp-json\/wp\/v2\/users\/1"}],"replies":[{"embeddable":true,"href":"https:\/\/www.vivantavocats.com\/en\/wp-json\/wp\/v2\/comments?post=42"}],"version-history":[{"count":6,"href":"https:\/\/www.vivantavocats.com\/en\/wp-json\/wp\/v2\/pages\/42\/revisions"}],"predecessor-version":[{"id":393,"href":"https:\/\/www.vivantavocats.com\/en\/wp-json\/wp\/v2\/pages\/42\/revisions\/393"}],"wp:attachment":[{"href":"https:\/\/www.vivantavocats.com\/en\/wp-json\/wp\/v2\/media?parent=42"}],"curies":[{"name":"wp","href":"https:\/\/api.w.org\/{rel}","templated":true}]}}